{"id":991,"date":"2023-12-07T13:06:18","date_gmt":"2023-12-07T12:06:18","guid":{"rendered":"http:\/\/monfiscal.com\/inicio\/"},"modified":"2024-01-31T06:44:09","modified_gmt":"2024-01-31T05:44:09","slug":"inicio","status":"publish","type":"page","link":"https:\/\/monfiscal.com\/ca\/","title":{"rendered":"Inici"},"content":{"rendered":"\t\t<div data-elementor-type=\"wp-page\" data-elementor-id=\"991\" class=\"elementor elementor-991 elementor-10\" data-elementor-post-type=\"page\">\n\t\t\t\t<div class=\"elementor-element elementor-element-eb5ec7b e-flex e-con-boxed e-con e-parent\" data-id=\"eb5ec7b\" data-element_type=\"container\" data-e-type=\"container\" data-settings=\"{&quot;background_background&quot;:&quot;classic&quot;}\">\n\t\t\t\t\t<div class=\"e-con-inner\">\n\t\t<div class=\"elementor-element elementor-element-a9ba49d e-flex e-con-boxed e-con e-child\" data-id=\"a9ba49d\" data-element_type=\"container\" data-e-type=\"container\" data-settings=\"{&quot;background_background&quot;:&quot;slideshow&quot;,&quot;background_slideshow_gallery&quot;:[{&quot;id&quot;:172,&quot;url&quot;:&quot;http:\\\/\\\/monfiscal.com\\\/wp-content\\\/uploads\\\/2023\\\/12\\\/viejo-arbol-calvo-solitario-prado-verde-fresco-paisaje-rural-vibrante-cielo-azul-tamano-pancarta.jpg&quot;},{&quot;id&quot;:223,&quot;url&quot;:&quot;http:\\\/\\\/monfiscal.com\\\/wp-content\\\/uploads\\\/2023\\\/12\\\/empresarios-haciendo-apreton-manos-ciudad.jpg&quot;},{&quot;id&quot;:222,&quot;url&quot;:&quot;http:\\\/\\\/monfiscal.com\\\/wp-content\\\/uploads\\\/2023\\\/12\\\/arbol-colina-nubes-al-fondo.jpg&quot;},{&quot;id&quot;:224,&quot;url&quot;:&quot;http:\\\/\\\/monfiscal.com\\\/wp-content\\\/uploads\\\/2023\\\/12\\\/empresario-sosteniendo-mapa-mundo-manos.jpg&quot;},{&quot;id&quot;:225,&quot;url&quot;:&quot;http:\\\/\\\/monfiscal.com\\\/wp-content\\\/uploads\\\/2023\\\/12\\\/extrana-foto-panoramica-largo-callejon-boscoso.jpg&quot;},{&quot;id&quot;:226,&quot;url&quot;:&quot;http:\\\/\\\/monfiscal.com\\\/wp-content\\\/uploads\\\/2023\\\/12\\\/vista-trasera-personas-irreconocibles-audiencia-sala-conferencias.jpg&quot;}],&quot;background_slideshow_ken_burns&quot;:&quot;yes&quot;,&quot;background_slideshow_loop&quot;:&quot;yes&quot;,&quot;background_slideshow_slide_duration&quot;:5000,&quot;background_slideshow_slide_transition&quot;:&quot;fade&quot;,&quot;background_slideshow_transition_duration&quot;:500,&quot;background_slideshow_ken_burns_zoom_direction&quot;:&quot;in&quot;}\">\n\t\t\t\t\t<div class=\"e-con-inner\">\n\t\t\t\t<div class=\"elementor-element elementor-element-0fce99d elementor--h-position-center elementor--v-position-middle elementor-widget elementor-widget-slides\" data-id=\"0fce99d\" data-element_type=\"widget\" data-e-type=\"widget\" data-settings=\"{&quot;navigation&quot;:&quot;none&quot;,&quot;autoplay_speed&quot;:5018,&quot;transition&quot;:&quot;fade&quot;,&quot;autoplay&quot;:&quot;yes&quot;,&quot;infinite&quot;:&quot;yes&quot;,&quot;transition_speed&quot;:500}\" data-widget_type=\"slides.default\">\n\t\t\t\t<div class=\"elementor-widget-container\">\n\t\t\t\t\t\t\t\t\t<div class=\"elementor-swiper\">\n\t\t\t\t\t<div class=\"elementor-slides-wrapper elementor-main-swiper swiper\" role=\"region\" aria-roledescription=\"carousel\" aria-label=\"Diapositives\" dir=\"ltr\" data-animation=\"fadeInUp\">\n\t\t\t\t<div class=\"swiper-wrapper elementor-slides\">\n\t\t\t\t\t\t\t\t\t\t<div class=\"elementor-repeater-item-a7fe662 swiper-slide\" role=\"group\" aria-roledescription=\"slide\"><div class=\"swiper-slide-bg\"><\/div><div class=\"swiper-slide-inner\" ><div class=\"swiper-slide-contents\"><div class=\"elementor-slide-heading\">Servei integral<br>multidisciplinar<\/div><\/div><\/div><\/div><div class=\"elementor-repeater-item-5a9a47f swiper-slide\" role=\"group\" aria-roledescription=\"slide\"><div class=\"swiper-slide-bg\"><\/div><div class=\"swiper-slide-inner\" ><div class=\"swiper-slide-contents\"><div class=\"elementor-slide-heading\">Confian\u00e7a, discreci\u00f3,<br>serietat<\/div><\/div><\/div><\/div><div class=\"elementor-repeater-item-15544b1 swiper-slide\" role=\"group\" aria-roledescription=\"slide\"><div class=\"swiper-slide-bg\"><\/div><div class=\"swiper-slide-inner\" ><div class=\"swiper-slide-contents\"><div class=\"elementor-slide-heading\">Proximitat<br>al client<\/div><\/div><\/div><\/div><div class=\"elementor-repeater-item-8f5b3c0 swiper-slide\" role=\"group\" aria-roledescription=\"slide\"><div class=\"swiper-slide-bg\"><\/div><div class=\"swiper-slide-inner\" ><div class=\"swiper-slide-contents\"><div class=\"elementor-slide-heading\">Assessorament d'empreses i patrimonis<\/div><\/div><\/div><\/div><div class=\"elementor-repeater-item-977cc54 swiper-slide\" role=\"group\" aria-roledescription=\"slide\"><div class=\"swiper-slide-bg\"><\/div><div class=\"swiper-slide-inner\" ><div class=\"swiper-slide-contents\"><div class=\"elementor-slide-heading\">Formaci\u00f3 cont\u00ednua<br>equip professional<\/div><\/div><\/div><\/div>\t\t\t\t<\/div>\n\t\t\t\t\t\t\t\t\t\t\t\t\t\t\t\t\t\t\t\t\t<\/div>\n\t\t\t\t<\/div>\n\t\t\t\t\t\t\t\t<\/div>\n\t\t\t\t<\/div>\n\t\t\t\t\t<\/div>\n\t\t\t\t<\/div>\n\t\t\t\t\t<\/div>\n\t\t\t\t<\/div>\n\t\t<div class=\"elementor-element elementor-element-a50a92b e-flex e-con-boxed e-con e-parent\" data-id=\"a50a92b\" data-element_type=\"container\" data-e-type=\"container\">\n\t\t\t\t\t<div class=\"e-con-inner\">\n\t\t<div class=\"elementor-element elementor-element-88fd389 e-con-full e-flex e-con e-child\" data-id=\"88fd389\" data-element_type=\"container\" data-e-type=\"container\">\n\t\t\t\t<div class=\"elementor-element elementor-element-8d55194 elementor-widget elementor-widget-heading\" data-id=\"8d55194\" data-element_type=\"widget\" data-e-type=\"widget\" data-widget_type=\"heading.default\">\n\t\t\t\t<div class=\"elementor-widget-container\">\n\t\t\t\t\t<h2 class=\"elementor-heading-title elementor-size-default\">VALOR HUM\u00c0<\/h2>\t\t\t\t<\/div>\n\t\t\t\t<\/div>\n\t\t\t\t<div class=\"elementor-element elementor-element-04ac9c0 elementor-widget-divider--view-line elementor-widget elementor-widget-divider\" data-id=\"04ac9c0\" data-element_type=\"widget\" data-e-type=\"widget\" data-widget_type=\"divider.default\">\n\t\t\t\t<div class=\"elementor-widget-container\">\n\t\t\t\t\t\t\t<div class=\"elementor-divider\">\n\t\t\t<span class=\"elementor-divider-separator\">\n\t\t\t\t\t\t<\/span>\n\t\t<\/div>\n\t\t\t\t\t\t<\/div>\n\t\t\t\t<\/div>\n\t\t\t\t<div class=\"elementor-element elementor-element-099e270 elementor-widget elementor-widget-text-editor\" data-id=\"099e270\" data-element_type=\"widget\" data-e-type=\"widget\" data-widget_type=\"text-editor.default\">\n\t\t\t\t<div class=\"elementor-widget-container\">\n\t\t\t\t\t\t\t\t\t<p>Monfiscal treballa amb persones i per a persones. \u00c9s preocupaci\u00f3 m\u00e0xima de la direcci\u00f3 de la signatura la cura en el tracte amb els clients i els empleats. Per aix\u00f2 ha estat una de les primeres pimes espanyoles a establir un horari de conciliaci\u00f3 treball\/fam\u00edlia, havent estat reconeguda en diversos mitjans de comunicaci\u00f3 i tamb\u00e9 per l&#8217;associaci\u00f3 de dones FUNDE que va concedir el premi a la millor empresa de l&#8217;any 2007 per la seva esfor\u00e7 en la conciliaci\u00f3 de lhorari per als seus treballadors. L&#8217;any 2005 va ser l&#8217;\u00fanica pime convidada a participar al primer f\u00f2rum que es va organitzar a Barcelona sobre conciliaci\u00f3 d&#8217;horaris juntament amb grans empreses de prestigi internacional reconegut.<\/p><p>Aquest valor tamb\u00e9 es veu recollit a les jornades internes que anualment s&#8217;organitzen per als seus empleats on es pret\u00e9n, en un ambient relaxat i dist\u00e8s, fomentar la conviv\u00e8ncia de l&#8217;equip hum\u00e0. \u00c9s una oportunitat per con\u00e8ixer millor i compartir i valorar junts els nous i els ja existents projectes del despatx.<\/p><p>Per descomptat, i com no podia ser altrament, aquest valor es projecta als clients, donant-los un tracte personalitzat. Amb aix\u00f2 s&#8217;aconsegueix un gran coneixement per part dels professionals de les necessitats de cada client de manera individual, permetent donar una resposta \u00f2ptima a les possibles necessitats o dificultats que puguin apar\u00e8ixer.<\/p>\t\t\t\t\t\t\t\t<\/div>\n\t\t\t\t<\/div>\n\t\t\t\t<\/div>\n\t\t<div class=\"elementor-element elementor-element-4329869 e-con-full e-flex e-con e-child\" data-id=\"4329869\" data-element_type=\"container\" data-e-type=\"container\">\n\t\t\t\t<div class=\"elementor-element elementor-element-6b7adc4 elementor-widget elementor-widget-heading\" data-id=\"6b7adc4\" data-element_type=\"widget\" data-e-type=\"widget\" data-widget_type=\"heading.default\">\n\t\t\t\t<div class=\"elementor-widget-container\">\n\t\t\t\t\t<h2 class=\"elementor-heading-title elementor-size-default\">PROJECTE<\/h2>\t\t\t\t<\/div>\n\t\t\t\t<\/div>\n\t\t\t\t<div class=\"elementor-element elementor-element-c871cdc elementor-widget-divider--view-line elementor-widget elementor-widget-divider\" data-id=\"c871cdc\" data-element_type=\"widget\" data-e-type=\"widget\" data-widget_type=\"divider.default\">\n\t\t\t\t<div class=\"elementor-widget-container\">\n\t\t\t\t\t\t\t<div class=\"elementor-divider\">\n\t\t\t<span class=\"elementor-divider-separator\">\n\t\t\t\t\t\t<\/span>\n\t\t<\/div>\n\t\t\t\t\t\t<\/div>\n\t\t\t\t<\/div>\n\t\t\t\t<div class=\"elementor-element elementor-element-3538af2 elementor-widget elementor-widget-text-editor\" data-id=\"3538af2\" data-element_type=\"widget\" data-e-type=\"widget\" data-widget_type=\"text-editor.default\">\n\t\t\t\t<div class=\"elementor-widget-container\">\n\t\t\t\t\t\t\t\t\t<p>Realment aquesta signatura viu cont\u00ednuament en un projecte. Actualment est\u00e0 en una fase d&#8217;expansi\u00f3 geogr\u00e0fica que, ara com ara, us permet estar amb oficines i delegacions a Lleida i Almacellas, ampliant el ventall de serveis als seus clients.<\/p><p>Per\u00f2 alhora t\u00e9 permanentment en marxa un ambici\u00f3s projecte d&#8217;inversi\u00f3 en TIC, que es tradueix que els nostres clients poden accedir als seus documents i informes per Internet les 24 hores del dia, amb independ\u00e8ncia de l&#8217;horari de treball. Amb aix\u00f2 tornem a facilitar al client despreocupaci\u00f3 i efici\u00e8ncia a la seva feina.<\/p><p>Com no podia ser menys, tamb\u00e9 desenvolupem el projecte de tenir unes bones, modernes, i \u00e0mplies instal\u00b7lacions per desenvolupar la nostra feina, essent propietaris de diferents locals situats al cor de les seves localitats i de f\u00e0cil acc\u00e9s per als clients.<\/p><p><strong>Carlos Montes<\/strong><\/p>\t\t\t\t\t\t\t\t<\/div>\n\t\t\t\t<\/div>\n\t\t\t\t<\/div>\n\t\t\t\t\t<\/div>\n\t\t\t\t<\/div>\n\t\t<div class=\"elementor-element elementor-element-3271eb6 e-flex e-con-boxed e-con e-parent\" data-id=\"3271eb6\" data-element_type=\"container\" data-e-type=\"container\" data-settings=\"{&quot;background_background&quot;:&quot;gradient&quot;}\">\n\t\t\t\t\t<div class=\"e-con-inner\">\n\t\t<div class=\"elementor-element elementor-element-7462e1c e-con-full e-flex e-con e-child\" data-id=\"7462e1c\" data-element_type=\"container\" data-e-type=\"container\">\n\t\t\t\t<div class=\"elementor-element elementor-element-13dd8a0 elementor-widget elementor-widget-heading\" data-id=\"13dd8a0\" data-element_type=\"widget\" data-e-type=\"widget\" data-widget_type=\"heading.default\">\n\t\t\t\t<div class=\"elementor-widget-container\">\n\t\t\t\t\t<h1 class=\"elementor-heading-title elementor-size-default\">Monfiscal, assessoria fiscal<\/h1>\t\t\t\t<\/div>\n\t\t\t\t<\/div>\n\t\t\t\t<div class=\"elementor-element elementor-element-b3cb47c elementor-widget elementor-widget-heading\" data-id=\"b3cb47c\" data-element_type=\"widget\" data-e-type=\"widget\" data-widget_type=\"heading.default\">\n\t\t\t\t<div class=\"elementor-widget-container\">\n\t\t\t\t\t<h2 class=\"elementor-heading-title elementor-size-default\">Gesti\u00f3 fiscal, comptable i laboral per a particulars, empreses i aut\u00f2noms<\/h2>\t\t\t\t<\/div>\n\t\t\t\t<\/div>\n\t\t\t\t<div class=\"elementor-element elementor-element-ef061a4 elementor-widget elementor-widget-text-editor\" data-id=\"ef061a4\" data-element_type=\"widget\" data-e-type=\"widget\" data-widget_type=\"text-editor.default\">\n\t\t\t\t<div class=\"elementor-widget-container\">\n\t\t\t\t\t\t\t\t\t<p>Treballem amb persones i per a persones. \u00c9s preocupaci\u00f3 m\u00e0xima de la direcci\u00f3 de la signatura la cura en el tracte amb els clients i els empleats.<\/p>\t\t\t\t\t\t\t\t<\/div>\n\t\t\t\t<\/div>\n\t\t\t\t<\/div>\n\t\t<div class=\"elementor-element elementor-element-e09c8d4 e-con-full e-flex e-con e-child\" data-id=\"e09c8d4\" data-element_type=\"container\" data-e-type=\"container\">\n\t\t<div class=\"elementor-element elementor-element-ed40553 e-grid e-con-boxed e-con e-child\" data-id=\"ed40553\" data-element_type=\"container\" data-e-type=\"container\">\n\t\t\t\t\t<div class=\"e-con-inner\">\n\t\t\t\t<div class=\"elementor-element elementor-element-2b7e67c elementor-widget elementor-widget-icon-box\" data-id=\"2b7e67c\" data-element_type=\"widget\" data-e-type=\"widget\" data-widget_type=\"icon-box.default\">\n\t\t\t\t<div class=\"elementor-widget-container\">\n\t\t\t\t\t\t\t<div class=\"elementor-icon-box-wrapper\">\n\n\t\t\t\n\t\t\t\t\t\t<div class=\"elementor-icon-box-content\">\n\n\t\t\t\t\t\t\t\t\t<h3 class=\"elementor-icon-box-title\">\n\t\t\t\t\t\t<a href=\"https:\/\/monfiscal.com\/ca\/arees-dactuacio\/empreses\/\" >\n\t\t\t\t\t\t\tAssessoria a empreses\t\t\t\t\t\t<\/a>\n\t\t\t\t\t<\/h3>\n\t\t\t\t\n\t\t\t\t\t\t\t\t\t<p class=\"elementor-icon-box-description\">\n\t\t\t\t\t\tFiscalitat, comptabilitat, laboral, finances, assessoria jur\u00eddica\t\t\t\t\t<\/p>\n\t\t\t\t\n\t\t\t<\/div>\n\t\t\t\n\t\t<\/div>\n\t\t\t\t\t\t<\/div>\n\t\t\t\t<\/div>\n\t\t\t\t<div class=\"elementor-element elementor-element-6fb2328 elementor-widget elementor-widget-icon-box\" data-id=\"6fb2328\" data-element_type=\"widget\" data-e-type=\"widget\" data-widget_type=\"icon-box.default\">\n\t\t\t\t<div class=\"elementor-widget-container\">\n\t\t\t\t\t\t\t<div class=\"elementor-icon-box-wrapper\">\n\n\t\t\t\n\t\t\t\t\t\t<div class=\"elementor-icon-box-content\">\n\n\t\t\t\t\t\t\t\t\t<h3 class=\"elementor-icon-box-title\">\n\t\t\t\t\t\t<a href=\"https:\/\/monfiscal.com\/ca\/arees-dactuacio\/autonoms-i-noves-empreses\/\" >\n\t\t\t\t\t\t\tAut\u00f2noms i noves empreses\t\t\t\t\t\t<\/a>\n\t\t\t\t\t<\/h3>\n\t\t\t\t\n\t\t\t\t\t\t\t\t\t<p class=\"elementor-icon-box-description\">\n\t\t\t\t\t\tFiscalitat, comptabilitat, laboral, assessoria financera i jur\u00eddica\t\t\t\t\t<\/p>\n\t\t\t\t\n\t\t\t<\/div>\n\t\t\t\n\t\t<\/div>\n\t\t\t\t\t\t<\/div>\n\t\t\t\t<\/div>\n\t\t\t\t<div class=\"elementor-element elementor-element-482001e elementor-widget elementor-widget-icon-box\" data-id=\"482001e\" data-element_type=\"widget\" data-e-type=\"widget\" data-widget_type=\"icon-box.default\">\n\t\t\t\t<div class=\"elementor-widget-container\">\n\t\t\t\t\t\t\t<div class=\"elementor-icon-box-wrapper\">\n\n\t\t\t\n\t\t\t\t\t\t<div class=\"elementor-icon-box-content\">\n\n\t\t\t\t\t\t\t\t\t<h3 class=\"elementor-icon-box-title\">\n\t\t\t\t\t\t<a href=\"https:\/\/monfiscal.com\/ca\/arees-dactuacio\/particulars-patrimoni\/\" >\n\t\t\t\t\t\t\tParticulars \/ Patrimoni\t\t\t\t\t\t<\/a>\n\t\t\t\t\t<\/h3>\n\t\t\t\t\n\t\t\t\t\t\t\t\t\t<p class=\"elementor-icon-box-description\">\n\t\t\t\t\t\tSucesiones y donaciones, rentas extranjeras e inmobiliaria\t\t\t\t\t<\/p>\n\t\t\t\t\n\t\t\t<\/div>\n\t\t\t\n\t\t<\/div>\n\t\t\t\t\t\t<\/div>\n\t\t\t\t<\/div>\n\t\t\t\t<div class=\"elementor-element elementor-element-bb89352 elementor-widget elementor-widget-icon-box\" data-id=\"bb89352\" data-element_type=\"widget\" data-e-type=\"widget\" data-widget_type=\"icon-box.default\">\n\t\t\t\t<div class=\"elementor-widget-container\">\n\t\t\t\t\t\t\t<div class=\"elementor-icon-box-wrapper\">\n\n\t\t\t\n\t\t\t\t\t\t<div class=\"elementor-icon-box-content\">\n\n\t\t\t\t\t\t\t\t\t<h3 class=\"elementor-icon-box-title\">\n\t\t\t\t\t\t<a href=\"https:\/\/monfiscal.com\/ca\/arees-dactuacio\/ajuntaments\/\" >\n\t\t\t\t\t\t\tAdministracions p\u00fabliques\t\t\t\t\t\t<\/a>\n\t\t\t\t\t<\/h3>\n\t\t\t\t\n\t\t\t\t\t\t\t\t\t<p class=\"elementor-icon-box-description\">\n\t\t\t\t\t\tAssessoria comptable, laboral, financera i jur\u00eddica\t\t\t\t\t<\/p>\n\t\t\t\t\n\t\t\t<\/div>\n\t\t\t\n\t\t<\/div>\n\t\t\t\t\t\t<\/div>\n\t\t\t\t<\/div>\n\t\t\t\t\t<\/div>\n\t\t\t\t<\/div>\n\t\t\t\t<\/div>\n\t\t\t\t\t<\/div>\n\t\t\t\t<\/div>\n\t\t<div class=\"elementor-element elementor-element-29acb7b e-flex e-con-boxed e-con e-parent\" data-id=\"29acb7b\" data-element_type=\"container\" data-e-type=\"container\" data-settings=\"{&quot;background_background&quot;:&quot;gradient&quot;}\">\n\t\t\t\t\t<div class=\"e-con-inner\">\n\t\t\t\t<div class=\"elementor-element elementor-element-6e93702 elementor-widget elementor-widget-heading\" data-id=\"6e93702\" data-element_type=\"widget\" data-e-type=\"widget\" data-widget_type=\"heading.default\">\n\t\t\t\t<div class=\"elementor-widget-container\">\n\t\t\t\t\t<h2 class=\"elementor-heading-title elementor-size-default\"><a href=\"https:\/\/monfiscal.com\/ca\/noticies\/\">NOVETATS FISCALS<\/a><\/h2>\t\t\t\t<\/div>\n\t\t\t\t<\/div>\n\t\t\t\t<div class=\"elementor-element elementor-element-b8c6dad elementor-grid-4 elementor-posts--thumbnail-none elementor-grid-tablet-2 elementor-grid-mobile-1 elementor-card-shadow-yes elementor-posts__hover-gradient elementor-widget elementor-widget-posts\" data-id=\"b8c6dad\" data-element_type=\"widget\" data-e-type=\"widget\" data-settings=\"{&quot;cards_columns&quot;:&quot;4&quot;,&quot;cards_row_gap&quot;:{&quot;unit&quot;:&quot;px&quot;,&quot;size&quot;:40,&quot;sizes&quot;:[]},&quot;cards_row_gap_laptop&quot;:{&quot;unit&quot;:&quot;px&quot;,&quot;size&quot;:20,&quot;sizes&quot;:[]},&quot;cards_columns_tablet&quot;:&quot;2&quot;,&quot;cards_columns_mobile&quot;:&quot;1&quot;,&quot;cards_row_gap_tablet&quot;:{&quot;unit&quot;:&quot;px&quot;,&quot;size&quot;:&quot;&quot;,&quot;sizes&quot;:[]},&quot;cards_row_gap_mobile&quot;:{&quot;unit&quot;:&quot;px&quot;,&quot;size&quot;:&quot;&quot;,&quot;sizes&quot;:[]}}\" data-widget_type=\"posts.cards\">\n\t\t\t\t<div class=\"elementor-widget-container\">\n\t\t\t\t\t\t\t<div class=\"elementor-posts-container elementor-posts elementor-posts--skin-cards elementor-grid\" role=\"list\">\n\t\t\t\t<article class=\"elementor-post elementor-grid-item post-1577 post type-post status-publish format-standard hentry category-mon-fiscal\" role=\"listitem\">\n\t\t\t<div class=\"elementor-post__card\">\n\t\t\t\t<div class=\"elementor-post__text\">\n\t\t\t\t<h3 class=\"elementor-post__title\">\n\t\t\t<a href=\"https:\/\/monfiscal.com\/ca\/comunicacio-informativa-sobre-la-modificacio-de-lentrada-en-vigor-del-sistema-verifactu\/\" >\n\t\t\t\tCOMUNICACI\u00d3 INFORMATIVA SOBRE LA MODIFICACI\u00d3 DE L&#8217;ENTRADA EN VIGOR DEL SISTEMA VERIFACTU\t\t\t<\/a>\n\t\t<\/h3>\n\t\t\t\t<div class=\"elementor-post__excerpt\">\n\t\t\t<p>Per la present, ens dirigim a vost\u00e8 per comunicar-vos que al Butllet\u00ed Oficial de l&#8217;Estat de data 3 de desembre<\/p>\n\t\t<\/div>\n\t\t\t\t\t<div class=\"elementor-post__read-more-wrapper\">\n\t\t\n\t\t<a class=\"elementor-post__read-more\" href=\"https:\/\/monfiscal.com\/ca\/comunicacio-informativa-sobre-la-modificacio-de-lentrada-en-vigor-del-sistema-verifactu\/\" aria-label=\"Read more about COMUNICACI\u00d3 INFORMATIVA SOBRE LA MODIFICACI\u00d3 DE L&#8217;ENTRADA EN VIGOR DEL SISTEMA VERIFACTU\" tabindex=\"-1\" >\n\t\t\tLlegir m\u00e9s \u00bb\t\t<\/a>\n\n\t\t\t\t\t<\/div>\n\t\t\t\t<\/div>\n\t\t\t\t<div class=\"elementor-post__meta-data\">\n\t\t\t\t\t<span class=\"elementor-post-date\">\n\t\t\t4 de desembre de 2025\t\t<\/span>\n\t\t\t\t<\/div>\n\t\t\t\t\t<\/div>\n\t\t<\/article>\n\t\t\t\t<article class=\"elementor-post elementor-grid-item post-1582 post type-post status-publish format-standard hentry category-mon-fiscal\" role=\"listitem\">\n\t\t\t<div class=\"elementor-post__card\">\n\t\t\t\t<div class=\"elementor-post__text\">\n\t\t\t\t<h3 class=\"elementor-post__title\">\n\t\t\t<a href=\"https:\/\/monfiscal.com\/ca\/primicia-canal-youtube-monfiscal\/\" >\n\t\t\t\tPRIMICIA. CANAL YOUTUBE MONFISCAL\t\t\t<\/a>\n\t\t<\/h3>\n\t\t\t\t<div class=\"elementor-post__excerpt\">\n\t\t\t<p>Mitjan\u00e7ant aquest Mail volem informar a tots els nostres clients que hem creat un canal de YouTube per a Monfiscal.<\/p>\n\t\t<\/div>\n\t\t\t\t\t<div class=\"elementor-post__read-more-wrapper\">\n\t\t\n\t\t<a class=\"elementor-post__read-more\" href=\"https:\/\/monfiscal.com\/ca\/primicia-canal-youtube-monfiscal\/\" aria-label=\"Read more about PRIMICIA. CANAL YOUTUBE MONFISCAL\" tabindex=\"-1\" >\n\t\t\tLlegir m\u00e9s \u00bb\t\t<\/a>\n\n\t\t\t\t\t<\/div>\n\t\t\t\t<\/div>\n\t\t\t\t<div class=\"elementor-post__meta-data\">\n\t\t\t\t\t<span class=\"elementor-post-date\">\n\t\t\t17 de novembre de 2025\t\t<\/span>\n\t\t\t\t<\/div>\n\t\t\t\t\t<\/div>\n\t\t<\/article>\n\t\t\t\t<article class=\"elementor-post elementor-grid-item post-1572 post type-post status-publish format-standard hentry category-circulars-i-butlletins\" role=\"listitem\">\n\t\t\t<div class=\"elementor-post__card\">\n\t\t\t\t<div class=\"elementor-post__text\">\n\t\t\t\t<h3 class=\"elementor-post__title\">\n\t\t\t<a href=\"https:\/\/monfiscal.com\/ca\/circular-no-5-2025-fixes-discontinus\/\" >\n\t\t\t\tCIRCULAR N\u00ba 5\/2025. FIXES DISCONTINUS\t\t\t<\/a>\n\t\t<\/h3>\n\t\t\t\t<div class=\"elementor-post__excerpt\">\n\t\t\t<p>El contracte de treball fix-discontinu que est\u00e0 regulat principalment a l\u2019article 16 del Reial Decret Legislatiu 2\/2015, del text ref\u00f3s<\/p>\n\t\t<\/div>\n\t\t\t\t\t<div class=\"elementor-post__read-more-wrapper\">\n\t\t\n\t\t<a class=\"elementor-post__read-more\" href=\"https:\/\/monfiscal.com\/ca\/circular-no-5-2025-fixes-discontinus\/\" aria-label=\"Read more about CIRCULAR N\u00ba 5\/2025. FIXES DISCONTINUS\" tabindex=\"-1\" >\n\t\t\tLlegir m\u00e9s \u00bb\t\t<\/a>\n\n\t\t\t\t\t<\/div>\n\t\t\t\t<\/div>\n\t\t\t\t<div class=\"elementor-post__meta-data\">\n\t\t\t\t\t<span class=\"elementor-post-date\">\n\t\t\t10 de juliol de 2025\t\t<\/span>\n\t\t\t\t<\/div>\n\t\t\t\t\t<\/div>\n\t\t<\/article>\n\t\t\t\t<article class=\"elementor-post elementor-grid-item post-1566 post type-post status-publish format-standard hentry category-mon-fiscal category-circulares-y-boletines\" role=\"listitem\">\n\t\t\t<div class=\"elementor-post__card\">\n\t\t\t\t<div class=\"elementor-post__text\">\n\t\t\t\t<h3 class=\"elementor-post__title\">\n\t\t\t<a href=\"https:\/\/monfiscal.com\/ca\/recordatorio-circular-recordatorio-del-2o-trimestre-2025\/\" >\n\t\t\t\tRecordatorio CIRCULAR \/ Recordatorio del 2\u00ba trimestre 2025\t\t\t<\/a>\n\t\t<\/h3>\n\t\t\t\t<div class=\"elementor-post__excerpt\">\n\t\t\t<p>Le recordamos que en el mes de julio se deben presentar los impuestos relativos al 2\u00ba trimestre delejercicio 2025. La<\/p>\n\t\t<\/div>\n\t\t\t\t\t<div class=\"elementor-post__read-more-wrapper\">\n\t\t\n\t\t<a class=\"elementor-post__read-more\" href=\"https:\/\/monfiscal.com\/ca\/recordatorio-circular-recordatorio-del-2o-trimestre-2025\/\" aria-label=\"Read more about Recordatorio CIRCULAR \/ Recordatorio del 2\u00ba trimestre 2025\" tabindex=\"-1\" >\n\t\t\tLlegir m\u00e9s \u00bb\t\t<\/a>\n\n\t\t\t\t\t<\/div>\n\t\t\t\t<\/div>\n\t\t\t\t<div class=\"elementor-post__meta-data\">\n\t\t\t\t\t<span class=\"elementor-post-date\">\n\t\t\t2 de juliol de 2025\t\t<\/span>\n\t\t\t\t<\/div>\n\t\t\t\t\t<\/div>\n\t\t<\/article>\n\t\t\t\t<\/div>\n\t\t\n\t\t\t\t\t\t<\/div>\n\t\t\t\t<\/div>\n\t\t\t\t\t<\/div>\n\t\t\t\t<\/div>\n\t\t\t\t<\/div>\n\t\t","protected":false},"excerpt":{"rendered":"<p>Servei integralmultidisciplinarConfian\u00e7a, discreci\u00f3,serietatProximitatal clientAssessorament d&#8217;empreses i patrimonisFormaci\u00f3 cont\u00ednuaequip professional VALOR HUM\u00c0 Monfiscal treballa amb persones i per a persones. \u00c9s preocupaci\u00f3 m\u00e0xima de la direcci\u00f3 de la signatura la cura en el tracte amb els clients i els empleats. Per aix\u00f2 ha estat una de les primeres pimes espanyoles a establir un horari de conciliaci\u00f3 [&hellip;]<\/p>\n","protected":false},"author":2,"featured_media":0,"parent":0,"menu_order":0,"comment_status":"closed","ping_status":"closed","template":"","meta":{"footnotes":""},"class_list":["post-991","page","type-page","status-publish","hentry"],"_links":{"self":[{"href":"https:\/\/monfiscal.com\/ca\/wp-json\/wp\/v2\/pages\/991","targetHints":{"allow":["GET"]}}],"collection":[{"href":"https:\/\/monfiscal.com\/ca\/wp-json\/wp\/v2\/pages"}],"about":[{"href":"https:\/\/monfiscal.com\/ca\/wp-json\/wp\/v2\/types\/page"}],"author":[{"embeddable":true,"href":"https:\/\/monfiscal.com\/ca\/wp-json\/wp\/v2\/users\/2"}],"replies":[{"embeddable":true,"href":"https:\/\/monfiscal.com\/ca\/wp-json\/wp\/v2\/comments?post=991"}],"version-history":[{"count":22,"href":"https:\/\/monfiscal.com\/ca\/wp-json\/wp\/v2\/pages\/991\/revisions"}],"predecessor-version":[{"id":1347,"href":"https:\/\/monfiscal.com\/ca\/wp-json\/wp\/v2\/pages\/991\/revisions\/1347"}],"wp:attachment":[{"href":"https:\/\/monfiscal.com\/ca\/wp-json\/wp\/v2\/media?parent=991"}],"curies":[{"name":"wp","href":"https:\/\/api.w.org\/{rel}","templated":true}]}}